{"id":3388,"date":"2025-01-24T18:09:25","date_gmt":"2025-01-24T18:09:25","guid":{"rendered":"https:\/\/memorycafens.ca\/?page_id=3388"},"modified":"2026-08-20T18:02:27","modified_gmt":"2026-08-20T18:02:27","slug":"pictou","status":"publish","type":"page","link":"https:\/\/memorycafens.ca\/fr\/memory-cafe-nova-scotia-locations\/pictou\/","title":{"rendered":"Pictou"},"content":{"rendered":"<h2><em><strong>A Memory Caf\u00e9 is happening in Pictou!<\/strong><\/em><\/h2>\n<hr \/>\n<p>Pictou offre d\u00e9sormais une s\u00e9rie de caf\u00e9s m\u00e9moires mensuels qui auront lieu de septembre 2025 \u00e0 juin 2026. Ces rencontres sociales sont con\u00e7ues pour des personnes vivant avec des troubles de m\u00e9moire, accompagn\u00e9es de leurs aidants, ou des membres de leur famille. C\u2019est un cadre accueillant o\u00f9 vous pourrez prendre un caf\u00e9 ou un th\u00e9, accompagn\u00e9 d\u2019une collation, et converser avec de nouveaux amis. Venez y rencontrer des artistes invit\u00e9s qui vous feront partager musique, pratiques artistiques, le mouvement, la po\u00e9sie, des histoires, ou d\u2019autres choses encore. Vous \u00eates les bienvenus, venez faire un essai! Aucune exp\u00e9rience pr\u00e9alable n\u2019est n\u00e9cessaire!<\/p>\n<p>To register email Dominic Boyd &#8211; <a href=\"\/fr\/&\/#x6d;a&#x69;&#108;t&#x6f;&#58;&#x64;&#x6f;m&#x69;&#110;i&#x63;&#98;&#x6f;&#121;d&#x31;&#64;g&#x6d;&#97;&#x69;&#108;&#46;&#x63;&#111;&#x6d;\" target=\"_blank\" rel=\"noopener\">&#x64;o&#x6d;&#105;&#x6e;&#105;&#x63;&#x62;o&#x79;&#100;&#x31;&#64;&#x67;&#109;a&#x69;&#108;&#x2e;&#99;&#x6f;&#109;(opens in new tab)<\/a> \u00a0&#8230; or call\/text (506) 962-2893<\/p>\n<figure itemscope itemtype=\"https:\/\/schema.org\/ImageObject\">\n\t\t\t\t\t<img decoding=\"async\" src=\"https:\/\/memorycafens.ca\/wp-content\/uploads\/2026\/08\/Pictou-Poster-26-27-v2.jpg\" alt=\"Pictou Poster 26-27 v2\" height=\"2304\" width=\"1728\" title=\"Pictou Poster 26-27 v2\" onerror=\"this.style.display='none'\" loading=\"lazy\" \/>\n\t<\/figure>\n\t<iframe src=\"https:\/\/www.google.com\/maps\/embed\/v1\/place?q=Murray+Family+Public+Library%2C+99+Water+St.%2C+Pictou+NS&#038;key=AIzaSyD09zQ9PNDNNy9TadMuzRV_UsPUoWKntt8\" aria-hidden=\"true\"><\/iframe>","protected":false},"excerpt":{"rendered":"<p>A Memory Caf\u00e9 is happening in Pictou! Pictou now offers a Memory Caf\u00e9 held monthly from September, 2025 to June, 2026. These social events are designed for individuals living with memory challenges along with their family members and care partners&#8230;. <\/p>\n<div class=\"readmore-section\"><a class=\"readmore-btn\" href=\"https:\/\/memorycafens.ca\/fr\/memory-cafe-nova-scotia-locations\/pictou\/\">Continue reading <i class=\"fa fa-arrow-right\"><\/i><\/a><\/div>","protected":false},"author":1,"featured_media":0,"parent":45,"menu_order":5,"comment_status":"closed","ping_status":"closed","template":"","meta":{"footnotes":""},"folder":[99],"class_list":["post-3388","page","type-page","status-publish","hentry"],"yoast_head":"<!-- This site is optimized with the Yoast SEO plugin v28.4 - https:\/\/yoast.com\/product\/yoast-seo-wordpress\/ -->\n<title>Pictou - Memory Caf\u00e9 NS<\/title>\n<meta name=\"robots\" content=\"index, follow, max-snippet:-1, max-image-preview:large, max-video-preview:-1\" \/>\n<link rel=\"canonical\" href=\"https:\/\/memorycafens.ca\/fr\/memory-cafe-nova-scotia-locations\/pictou\/\" \/>\n<meta property=\"og:locale\" content=\"fr_CA\" \/>\n<meta property=\"og:type\" content=\"article\" \/>\n<meta property=\"og:title\" content=\"Pictou - Memory Caf\u00e9 NS\" \/>\n<meta property=\"og:description\" content=\"A Memory Caf\u00e9 is happening in Pictou! Pictou now offers a Memory Caf\u00e9 held monthly from September, 2025 to June, 2026. These social events are designed for individuals living with memory challenges along with their family members and care partners.... Continue reading\" \/>\n<meta property=\"og:url\" content=\"https:\/\/memorycafens.ca\/fr\/memory-cafe-nova-scotia-locations\/pictou\/\" \/>\n<meta property=\"og:site_name\" content=\"Memory Caf\u00e9 NS\" \/>\n<meta property=\"article:modified_time\" content=\"2026-08-20T18:02:27+00:00\" \/>\n<meta property=\"og:image\" content=\"https:\/\/memorycafens.ca\/wp-content\/uploads\/2026\/08\/Pictou-Poster-26-27-v2.jpg\" \/>\n<meta name=\"twitter:card\" content=\"summary_large_image\" \/>\n<meta name=\"twitter:label1\" content=\"Estimation du temps de lecture\" \/>\n\t<meta name=\"twitter:data1\" content=\"2 minutes\" \/>\n<script type=\"application\/ld+json\" class=\"yoast-schema-graph\">{\"@context\":\"https:\\\/\\\/schema.org\",\"@graph\":[{\"@type\":\"WebPage\",\"@id\":\"https:\\\/\\\/memorycafens.ca\\\/memory-cafe-nova-scotia-locations\\\/pictou\\\/\",\"url\":\"https:\\\/\\\/memorycafens.ca\\\/memory-cafe-nova-scotia-locations\\\/pictou\\\/\",\"name\":\"Pictou - Memory Caf\u00e9 NS\",\"isPartOf\":{\"@id\":\"https:\\\/\\\/memorycafens.ca\\\/#website\"},\"primaryImageOfPage\":{\"@id\":\"https:\\\/\\\/memorycafens.ca\\\/memory-cafe-nova-scotia-locations\\\/pictou\\\/#primaryimage\"},\"image\":{\"@id\":\"https:\\\/\\\/memorycafens.ca\\\/memory-cafe-nova-scotia-locations\\\/pictou\\\/#primaryimage\"},\"thumbnailUrl\":\"https:\\\/\\\/memorycafens.ca\\\/wp-content\\\/uploads\\\/2026\\\/08\\\/Pictou-Poster-26-27-v2.jpg\",\"datePublished\":\"2025-01-24T18:09:25+00:00\",\"dateModified\":\"2026-08-20T18:02:27+00:00\",\"breadcrumb\":{\"@id\":\"https:\\\/\\\/memorycafens.ca\\\/memory-cafe-nova-scotia-locations\\\/pictou\\\/#breadcrumb\"},\"inLanguage\":\"fr-CA\",\"potentialAction\":[{\"@type\":\"ReadAction\",\"target\":[\"https:\\\/\\\/memorycafens.ca\\\/memory-cafe-nova-scotia-locations\\\/pictou\\\/\"]}]},{\"@type\":\"ImageObject\",\"inLanguage\":\"fr-CA\",\"@id\":\"https:\\\/\\\/memorycafens.ca\\\/memory-cafe-nova-scotia-locations\\\/pictou\\\/#primaryimage\",\"url\":\"https:\\\/\\\/memorycafens.ca\\\/wp-content\\\/uploads\\\/2026\\\/08\\\/Pictou-Poster-26-27-v2.jpg\",\"contentUrl\":\"https:\\\/\\\/memorycafens.ca\\\/wp-content\\\/uploads\\\/2026\\\/08\\\/Pictou-Poster-26-27-v2.jpg\"},{\"@type\":\"BreadcrumbList\",\"@id\":\"https:\\\/\\\/memorycafens.ca\\\/memory-cafe-nova-scotia-locations\\\/pictou\\\/#breadcrumb\",\"itemListElement\":[{\"@type\":\"ListItem\",\"position\":1,\"name\":\"Home\",\"item\":\"https:\\\/\\\/memorycafens.ca\\\/\"},{\"@type\":\"ListItem\",\"position\":2,\"name\":\"LOCATIONS MENU\",\"item\":\"https:\\\/\\\/memorycafens.ca\\\/memory-cafe-nova-scotia-locations\\\/\"},{\"@type\":\"ListItem\",\"position\":3,\"name\":\"Pictou\"}]},{\"@type\":\"WebSite\",\"@id\":\"https:\\\/\\\/memorycafens.ca\\\/#website\",\"url\":\"https:\\\/\\\/memorycafens.ca\\\/\",\"name\":\"Memory Caf\u00e9s NS\",\"description\":\"Memory Caf\u00e9 NS\",\"publisher\":{\"@id\":\"https:\\\/\\\/memorycafens.ca\\\/#organization\"},\"potentialAction\":[{\"@type\":\"SearchAction\",\"target\":{\"@type\":\"EntryPoint\",\"urlTemplate\":\"https:\\\/\\\/memorycafens.ca\\\/?s={search_term_string}\"},\"query-input\":{\"@type\":\"PropertyValueSpecification\",\"valueRequired\":true,\"valueName\":\"search_term_string\"}}],\"inLanguage\":\"fr-CA\"},{\"@type\":\"Organization\",\"@id\":\"https:\\\/\\\/memorycafens.ca\\\/#organization\",\"name\":\"Memory Caf\u00e9 NS\",\"url\":\"https:\\\/\\\/memorycafens.ca\\\/\",\"logo\":{\"@type\":\"ImageObject\",\"inLanguage\":\"fr-CA\",\"@id\":\"https:\\\/\\\/memorycafens.ca\\\/#\\\/schema\\\/logo\\\/image\\\/\",\"url\":\"https:\\\/\\\/memorycafens.ca\\\/wp-content\\\/uploads\\\/2020\\\/02\\\/Tea-Cup-1-e1580588669255.png\",\"contentUrl\":\"https:\\\/\\\/memorycafens.ca\\\/wp-content\\\/uploads\\\/2020\\\/02\\\/Tea-Cup-1-e1580588669255.png\",\"width\":336,\"height\":137,\"caption\":\"Memory Caf\u00e9 NS\"},\"image\":{\"@id\":\"https:\\\/\\\/memorycafens.ca\\\/#\\\/schema\\\/logo\\\/image\\\/\"}}]}<\/script>\n<!-- \/ Yoast SEO plugin. -->","yoast_head_json":{"title":"Pictou - Memory Caf\u00e9 NS","robots":{"index":"index","follow":"follow","max-snippet":"max-snippet:-1","max-image-preview":"max-image-preview:large","max-video-preview":"max-video-preview:-1"},"canonical":"https:\/\/memorycafens.ca\/fr\/memory-cafe-nova-scotia-locations\/pictou\/","og_locale":"fr_CA","og_type":"article","og_title":"Pictou - Memory Caf\u00e9 NS","og_description":"A Memory Caf\u00e9 is happening in Pictou! Pictou now offers a Memory Caf\u00e9 held monthly from September, 2025 to June, 2026. These social events are designed for individuals living with memory challenges along with their family members and care partners.... Continue reading","og_url":"https:\/\/memorycafens.ca\/fr\/memory-cafe-nova-scotia-locations\/pictou\/","og_site_name":"Memory Caf\u00e9 NS","article_modified_time":"2026-08-20T18:02:27+00:00","og_image":[{"url":"https:\/\/memorycafens.ca\/wp-content\/uploads\/2026\/08\/Pictou-Poster-26-27-v2.jpg","type":"","width":"","height":""}],"twitter_card":"summary_large_image","twitter_misc":{"Estimation du temps de lecture":"2 minutes"},"schema":{"@context":"https:\/\/schema.org","@graph":[{"@type":"WebPage","@id":"https:\/\/memorycafens.ca\/memory-cafe-nova-scotia-locations\/pictou\/","url":"https:\/\/memorycafens.ca\/memory-cafe-nova-scotia-locations\/pictou\/","name":"Pictou - Memory Caf\u00e9 NS","isPartOf":{"@id":"https:\/\/memorycafens.ca\/#website"},"primaryImageOfPage":{"@id":"https:\/\/memorycafens.ca\/memory-cafe-nova-scotia-locations\/pictou\/#primaryimage"},"image":{"@id":"https:\/\/memorycafens.ca\/memory-cafe-nova-scotia-locations\/pictou\/#primaryimage"},"thumbnailUrl":"https:\/\/memorycafens.ca\/wp-content\/uploads\/2026\/08\/Pictou-Poster-26-27-v2.jpg","datePublished":"2025-01-24T18:09:25+00:00","dateModified":"2026-08-20T18:02:27+00:00","breadcrumb":{"@id":"https:\/\/memorycafens.ca\/memory-cafe-nova-scotia-locations\/pictou\/#breadcrumb"},"inLanguage":"fr-CA","potentialAction":[{"@type":"ReadAction","target":["https:\/\/memorycafens.ca\/memory-cafe-nova-scotia-locations\/pictou\/"]}]},{"@type":"ImageObject","inLanguage":"fr-CA","@id":"https:\/\/memorycafens.ca\/memory-cafe-nova-scotia-locations\/pictou\/#primaryimage","url":"https:\/\/memorycafens.ca\/wp-content\/uploads\/2026\/08\/Pictou-Poster-26-27-v2.jpg","contentUrl":"https:\/\/memorycafens.ca\/wp-content\/uploads\/2026\/08\/Pictou-Poster-26-27-v2.jpg"},{"@type":"BreadcrumbList","@id":"https:\/\/memorycafens.ca\/memory-cafe-nova-scotia-locations\/pictou\/#breadcrumb","itemListElement":[{"@type":"ListItem","position":1,"name":"Home","item":"https:\/\/memorycafens.ca\/"},{"@type":"ListItem","position":2,"name":"LOCATIONS MENU","item":"https:\/\/memorycafens.ca\/memory-cafe-nova-scotia-locations\/"},{"@type":"ListItem","position":3,"name":"Pictou"}]},{"@type":"WebSite","@id":"https:\/\/memorycafens.ca\/#website","url":"https:\/\/memorycafens.ca\/","name":"Memory Caf\u00e9s NS","description":"Memory Caf\u00e9 NS","publisher":{"@id":"https:\/\/memorycafens.ca\/#organization"},"potentialAction":[{"@type":"SearchAction","target":{"@type":"EntryPoint","urlTemplate":"https:\/\/memorycafens.ca\/?s={search_term_string}"},"query-input":{"@type":"PropertyValueSpecification","valueRequired":true,"valueName":"search_term_string"}}],"inLanguage":"fr-CA"},{"@type":"Organization","@id":"https:\/\/memorycafens.ca\/#organization","name":"Memory Caf\u00e9 NS","url":"https:\/\/memorycafens.ca\/","logo":{"@type":"ImageObject","inLanguage":"fr-CA","@id":"https:\/\/memorycafens.ca\/#\/schema\/logo\/image\/","url":"https:\/\/memorycafens.ca\/wp-content\/uploads\/2020\/02\/Tea-Cup-1-e1580588669255.png","contentUrl":"https:\/\/memorycafens.ca\/wp-content\/uploads\/2020\/02\/Tea-Cup-1-e1580588669255.png","width":336,"height":137,"caption":"Memory Caf\u00e9 NS"},"image":{"@id":"https:\/\/memorycafens.ca\/#\/schema\/logo\/image\/"}}]}},"_links":{"self":[{"href":"https:\/\/memorycafens.ca\/fr\/wp-json\/wp\/v2\/pages\/3388","targetHints":{"allow":["GET"]}}],"collection":[{"href":"https:\/\/memorycafens.ca\/fr\/wp-json\/wp\/v2\/pages"}],"about":[{"href":"https:\/\/memorycafens.ca\/fr\/wp-json\/wp\/v2\/types\/page"}],"author":[{"embeddable":true,"href":"https:\/\/memorycafens.ca\/fr\/wp-json\/wp\/v2\/users\/1"}],"replies":[{"embeddable":true,"href":"https:\/\/memorycafens.ca\/fr\/wp-json\/wp\/v2\/comments?post=3388"}],"version-history":[{"count":23,"href":"https:\/\/memorycafens.ca\/fr\/wp-json\/wp\/v2\/pages\/3388\/revisions"}],"predecessor-version":[{"id":3829,"href":"https:\/\/memorycafens.ca\/fr\/wp-json\/wp\/v2\/pages\/3388\/revisions\/3829"}],"up":[{"embeddable":true,"href":"https:\/\/memorycafens.ca\/fr\/wp-json\/wp\/v2\/pages\/45"}],"wp:attachment":[{"href":"https:\/\/memorycafens.ca\/fr\/wp-json\/wp\/v2\/media?parent=3388"}],"wp:term":[{"taxonomy":"folder","embeddable":true,"href":"https:\/\/memorycafens.ca\/fr\/wp-json\/wp\/v2\/folder?post=3388"}],"curies":[{"name":"wp","href":"https:\/\/api.w.org\/{rel}","templated":true}]}}