{"id":3227,"date":"2024-07-12T18:27:43","date_gmt":"2024-07-12T18:27:43","guid":{"rendered":"https:\/\/memorycafens.ca\/?page_id=3227"},"modified":"2026-08-24T19:48:55","modified_gmt":"2026-08-24T19:48:55","slug":"cole-harbour","status":"publish","type":"page","link":"https:\/\/memorycafens.ca\/fr\/memory-cafe-nova-scotia-locations\/cole-harbour\/","title":{"rendered":"Cole Harbour"},"content":{"rendered":"<figure data-animation-delay=\"0\" data-animation-duration=\"1\" itemscope itemtype=\"https:\/\/schema.org\/ImageObject\">\n\t\t\t\t\t<img decoding=\"async\" src=\"https:\/\/memorycafens.ca\/wp-content\/uploads\/2024\/07\/Cole-Harbour-Sign.png\" alt=\"Cole Harbour Sign\" height=\"869\" width=\"1626\" title=\"Cole Harbour Sign\" onerror=\"this.style.display='none'\" loading=\"lazy\" \/>\n\t<\/figure>\n\t<h2><em><strong>Memory Caf\u00e9s are happening in Cole Harbour.<\/strong><\/em><\/h2>\n<hr \/>\n<p>This region is now offering a Memory Caf\u00e9 through Winter and Spring. These social events take place on Tuesdays and Thursdays and are designed for individuals living with memory challenges along with their family members and care partners. Memory Caf\u00e9s are welcoming social spaces to enjoy coffee, tea, refreshments and conversation with new friends. Meet guest artists who may share music, art, movement, poetry, storytelling or other art forms. Guests are welcome to give it a try, no experience necessary!<\/p>\n<p>Pour vous inscrire envoyez un courriel \u00e0 Jane Parmiter: <a href=\"\/fr\/&\/#109;&#x61;i&#x6c;&#x74;&#111;&#x3a;C&#x48;&#x57;&#85;&#x43;m&#x65;&#x6d;&#111;&#x72;y&#x63;&#x61;&#102;&#x65;&#64;&#x67;&#x6d;&#97;&#x69;l&#x2e;&#x63;&#111;&#x6d;\" target=\"_blank\" rel=\"noopener\">&#x43;H&#x57;&#85;&#x43;&#109;&#x65;&#x6d;o&#x72;&#121;&#x63;&#97;&#x66;&#101;&#64;&#x67;&#109;&#x61;&#105;&#x6c;&#46;c&#x6f;&#109;.(opens in new tab)<\/a><\/p>\n<figure itemscope itemtype=\"https:\/\/schema.org\/ImageObject\">\n\t\t\t\t\t<img decoding=\"async\" src=\"https:\/\/memorycafens.ca\/wp-content\/uploads\/2026\/08\/Cole-Harbour-Tuesdays-Poster-26-27-v2.jpg\" alt=\"Cole Harbour Tuesdays Poster 26-27 v2\" height=\"2304\" width=\"1728\" title=\"Cole Harbour Tuesdays Poster 26-27 v2\" onerror=\"this.style.display='none'\" loading=\"lazy\" \/>\n\t<\/figure>\n<figure itemscope itemtype=\"https:\/\/schema.org\/ImageObject\">\n\t\t\t\t\t<img decoding=\"async\" src=\"https:\/\/memorycafens.ca\/wp-content\/uploads\/2026\/08\/Cole-Harbour-Thursday-Poster-26-27-v2.jpg\" alt=\"Cole Harbour Thursday Poster 26-27 v2\" height=\"2304\" width=\"1728\" title=\"Cole Harbour Thursday Poster 26-27 v2\" onerror=\"this.style.display='none'\" loading=\"lazy\" \/>\n\t<\/figure>\n<figure itemscope itemtype=\"https:\/\/schema.org\/ImageObject\">\n\t\t\t\t\t<img decoding=\"async\" src=\"https:\/\/memorycafens.ca\/wp-content\/plugins\/bb-plugin\/img\/pixel.png\" alt=\"\" onerror=\"this.style.display='none'\" loading=\"lazy\" \/>\n\t<\/figure>\n\t<iframe src=\"https:\/\/www.google.com\/maps\/embed\/v1\/place?q=Woodside+United+Church%2C+15+Bissett+Rd.%2C+Cole+Harbour%2C+NS&#038;key=AIzaSyD09zQ9PNDNNy9TadMuzRV_UsPUoWKntt8\" aria-hidden=\"true\"><\/iframe>","protected":false},"excerpt":{"rendered":"<p>Memory Caf\u00e9s are happening in Cole Harbour. This region is now offering a Memory Caf\u00e9 through Winter and Spring. These social events take place on Tuesdays and Thursdays and are designed for individuals living with memory challenges along with their&#8230; <\/p>\n<div class=\"readmore-section\"><a class=\"readmore-btn\" href=\"https:\/\/memorycafens.ca\/fr\/memory-cafe-nova-scotia-locations\/cole-harbour\/\">Continue reading <i class=\"fa fa-arrow-right\"><\/i><\/a><\/div>","protected":false},"author":1,"featured_media":0,"parent":45,"menu_order":5,"comment_status":"closed","ping_status":"closed","template":"","meta":{"footnotes":""},"folder":[99],"class_list":["post-3227","page","type-page","status-publish","hentry"],"yoast_head":"<!-- This site is optimized with the Yoast SEO plugin v28.4 - https:\/\/yoast.com\/product\/yoast-seo-wordpress\/ -->\n<title>Cole Harbour - Memory Caf\u00e9 NS<\/title>\n<meta name=\"robots\" content=\"index, follow, max-snippet:-1, max-image-preview:large, max-video-preview:-1\" \/>\n<link rel=\"canonical\" href=\"https:\/\/memorycafens.ca\/fr\/memory-cafe-nova-scotia-locations\/cole-harbour\/\" \/>\n<meta property=\"og:locale\" content=\"fr_CA\" \/>\n<meta property=\"og:type\" content=\"article\" \/>\n<meta property=\"og:title\" content=\"Cole Harbour - Memory Caf\u00e9 NS\" \/>\n<meta property=\"og:description\" content=\"Memory Caf\u00e9s are happening in Cole Harbour. This region is now offering a Memory Caf\u00e9 through Winter and Spring. These social events take place on Tuesdays and Thursdays and are designed for individuals living with memory challenges along with their... Continue reading\" \/>\n<meta property=\"og:url\" content=\"https:\/\/memorycafens.ca\/fr\/memory-cafe-nova-scotia-locations\/cole-harbour\/\" \/>\n<meta property=\"og:site_name\" content=\"Memory Caf\u00e9 NS\" \/>\n<meta property=\"article:modified_time\" content=\"2026-08-24T19:48:55+00:00\" \/>\n<meta property=\"og:image\" content=\"https:\/\/memorycafens.ca\/wp-content\/uploads\/2024\/07\/Cole-Harbour-Sign.png\" \/>\n<meta name=\"twitter:card\" content=\"summary_large_image\" \/>\n<meta name=\"twitter:label1\" content=\"Estimation du temps de lecture\" \/>\n\t<meta name=\"twitter:data1\" content=\"1 minute\" \/>\n<script type=\"application\/ld+json\" class=\"yoast-schema-graph\">{\"@context\":\"https:\\\/\\\/schema.org\",\"@graph\":[{\"@type\":\"WebPage\",\"@id\":\"https:\\\/\\\/memorycafens.ca\\\/memory-cafe-nova-scotia-locations\\\/cole-harbour\\\/\",\"url\":\"https:\\\/\\\/memorycafens.ca\\\/memory-cafe-nova-scotia-locations\\\/cole-harbour\\\/\",\"name\":\"Cole Harbour - Memory Caf\u00e9 NS\",\"isPartOf\":{\"@id\":\"https:\\\/\\\/memorycafens.ca\\\/#website\"},\"primaryImageOfPage\":{\"@id\":\"https:\\\/\\\/memorycafens.ca\\\/memory-cafe-nova-scotia-locations\\\/cole-harbour\\\/#primaryimage\"},\"image\":{\"@id\":\"https:\\\/\\\/memorycafens.ca\\\/memory-cafe-nova-scotia-locations\\\/cole-harbour\\\/#primaryimage\"},\"thumbnailUrl\":\"https:\\\/\\\/memorycafens.ca\\\/wp-content\\\/uploads\\\/2024\\\/07\\\/Cole-Harbour-Sign.png\",\"datePublished\":\"2024-07-12T18:27:43+00:00\",\"dateModified\":\"2026-08-24T19:48:55+00:00\",\"breadcrumb\":{\"@id\":\"https:\\\/\\\/memorycafens.ca\\\/memory-cafe-nova-scotia-locations\\\/cole-harbour\\\/#breadcrumb\"},\"inLanguage\":\"fr-CA\",\"potentialAction\":[{\"@type\":\"ReadAction\",\"target\":[\"https:\\\/\\\/memorycafens.ca\\\/memory-cafe-nova-scotia-locations\\\/cole-harbour\\\/\"]}]},{\"@type\":\"ImageObject\",\"inLanguage\":\"fr-CA\",\"@id\":\"https:\\\/\\\/memorycafens.ca\\\/memory-cafe-nova-scotia-locations\\\/cole-harbour\\\/#primaryimage\",\"url\":\"https:\\\/\\\/memorycafens.ca\\\/wp-content\\\/uploads\\\/2024\\\/07\\\/Cole-Harbour-Sign.png\",\"contentUrl\":\"https:\\\/\\\/memorycafens.ca\\\/wp-content\\\/uploads\\\/2024\\\/07\\\/Cole-Harbour-Sign.png\"},{\"@type\":\"BreadcrumbList\",\"@id\":\"https:\\\/\\\/memorycafens.ca\\\/memory-cafe-nova-scotia-locations\\\/cole-harbour\\\/#breadcrumb\",\"itemListElement\":[{\"@type\":\"ListItem\",\"position\":1,\"name\":\"Home\",\"item\":\"https:\\\/\\\/memorycafens.ca\\\/\"},{\"@type\":\"ListItem\",\"position\":2,\"name\":\"LOCATIONS MENU\",\"item\":\"https:\\\/\\\/memorycafens.ca\\\/memory-cafe-nova-scotia-locations\\\/\"},{\"@type\":\"ListItem\",\"position\":3,\"name\":\"Cole Harbour\"}]},{\"@type\":\"WebSite\",\"@id\":\"https:\\\/\\\/memorycafens.ca\\\/#website\",\"url\":\"https:\\\/\\\/memorycafens.ca\\\/\",\"name\":\"Memory Caf\u00e9s NS\",\"description\":\"Memory Caf\u00e9 NS\",\"publisher\":{\"@id\":\"https:\\\/\\\/memorycafens.ca\\\/#organization\"},\"potentialAction\":[{\"@type\":\"SearchAction\",\"target\":{\"@type\":\"EntryPoint\",\"urlTemplate\":\"https:\\\/\\\/memorycafens.ca\\\/?s={search_term_string}\"},\"query-input\":{\"@type\":\"PropertyValueSpecification\",\"valueRequired\":true,\"valueName\":\"search_term_string\"}}],\"inLanguage\":\"fr-CA\"},{\"@type\":\"Organization\",\"@id\":\"https:\\\/\\\/memorycafens.ca\\\/#organization\",\"name\":\"Memory Caf\u00e9 NS\",\"url\":\"https:\\\/\\\/memorycafens.ca\\\/\",\"logo\":{\"@type\":\"ImageObject\",\"inLanguage\":\"fr-CA\",\"@id\":\"https:\\\/\\\/memorycafens.ca\\\/#\\\/schema\\\/logo\\\/image\\\/\",\"url\":\"https:\\\/\\\/memorycafens.ca\\\/wp-content\\\/uploads\\\/2020\\\/02\\\/Tea-Cup-1-e1580588669255.png\",\"contentUrl\":\"https:\\\/\\\/memorycafens.ca\\\/wp-content\\\/uploads\\\/2020\\\/02\\\/Tea-Cup-1-e1580588669255.png\",\"width\":336,\"height\":137,\"caption\":\"Memory Caf\u00e9 NS\"},\"image\":{\"@id\":\"https:\\\/\\\/memorycafens.ca\\\/#\\\/schema\\\/logo\\\/image\\\/\"}}]}<\/script>\n<!-- \/ Yoast SEO plugin. -->","yoast_head_json":{"title":"Cole Harbour - Memory Caf\u00e9 NS","robots":{"index":"index","follow":"follow","max-snippet":"max-snippet:-1","max-image-preview":"max-image-preview:large","max-video-preview":"max-video-preview:-1"},"canonical":"https:\/\/memorycafens.ca\/fr\/memory-cafe-nova-scotia-locations\/cole-harbour\/","og_locale":"fr_CA","og_type":"article","og_title":"Cole Harbour - Memory Caf\u00e9 NS","og_description":"Memory Caf\u00e9s are happening in Cole Harbour. This region is now offering a Memory Caf\u00e9 through Winter and Spring. These social events take place on Tuesdays and Thursdays and are designed for individuals living with memory challenges along with their... Continue reading","og_url":"https:\/\/memorycafens.ca\/fr\/memory-cafe-nova-scotia-locations\/cole-harbour\/","og_site_name":"Memory Caf\u00e9 NS","article_modified_time":"2026-08-24T19:48:55+00:00","og_image":[{"url":"https:\/\/memorycafens.ca\/wp-content\/uploads\/2024\/07\/Cole-Harbour-Sign.png","type":"","width":"","height":""}],"twitter_card":"summary_large_image","twitter_misc":{"Estimation du temps de lecture":"1 minute"},"schema":{"@context":"https:\/\/schema.org","@graph":[{"@type":"WebPage","@id":"https:\/\/memorycafens.ca\/memory-cafe-nova-scotia-locations\/cole-harbour\/","url":"https:\/\/memorycafens.ca\/memory-cafe-nova-scotia-locations\/cole-harbour\/","name":"Cole Harbour - Memory Caf\u00e9 NS","isPartOf":{"@id":"https:\/\/memorycafens.ca\/#website"},"primaryImageOfPage":{"@id":"https:\/\/memorycafens.ca\/memory-cafe-nova-scotia-locations\/cole-harbour\/#primaryimage"},"image":{"@id":"https:\/\/memorycafens.ca\/memory-cafe-nova-scotia-locations\/cole-harbour\/#primaryimage"},"thumbnailUrl":"https:\/\/memorycafens.ca\/wp-content\/uploads\/2024\/07\/Cole-Harbour-Sign.png","datePublished":"2024-07-12T18:27:43+00:00","dateModified":"2026-08-24T19:48:55+00:00","breadcrumb":{"@id":"https:\/\/memorycafens.ca\/memory-cafe-nova-scotia-locations\/cole-harbour\/#breadcrumb"},"inLanguage":"fr-CA","potentialAction":[{"@type":"ReadAction","target":["https:\/\/memorycafens.ca\/memory-cafe-nova-scotia-locations\/cole-harbour\/"]}]},{"@type":"ImageObject","inLanguage":"fr-CA","@id":"https:\/\/memorycafens.ca\/memory-cafe-nova-scotia-locations\/cole-harbour\/#primaryimage","url":"https:\/\/memorycafens.ca\/wp-content\/uploads\/2024\/07\/Cole-Harbour-Sign.png","contentUrl":"https:\/\/memorycafens.ca\/wp-content\/uploads\/2024\/07\/Cole-Harbour-Sign.png"},{"@type":"BreadcrumbList","@id":"https:\/\/memorycafens.ca\/memory-cafe-nova-scotia-locations\/cole-harbour\/#breadcrumb","itemListElement":[{"@type":"ListItem","position":1,"name":"Home","item":"https:\/\/memorycafens.ca\/"},{"@type":"ListItem","position":2,"name":"LOCATIONS MENU","item":"https:\/\/memorycafens.ca\/memory-cafe-nova-scotia-locations\/"},{"@type":"ListItem","position":3,"name":"Cole Harbour"}]},{"@type":"WebSite","@id":"https:\/\/memorycafens.ca\/#website","url":"https:\/\/memorycafens.ca\/","name":"Memory Caf\u00e9s NS","description":"Memory Caf\u00e9 NS","publisher":{"@id":"https:\/\/memorycafens.ca\/#organization"},"potentialAction":[{"@type":"SearchAction","target":{"@type":"EntryPoint","urlTemplate":"https:\/\/memorycafens.ca\/?s={search_term_string}"},"query-input":{"@type":"PropertyValueSpecification","valueRequired":true,"valueName":"search_term_string"}}],"inLanguage":"fr-CA"},{"@type":"Organization","@id":"https:\/\/memorycafens.ca\/#organization","name":"Memory Caf\u00e9 NS","url":"https:\/\/memorycafens.ca\/","logo":{"@type":"ImageObject","inLanguage":"fr-CA","@id":"https:\/\/memorycafens.ca\/#\/schema\/logo\/image\/","url":"https:\/\/memorycafens.ca\/wp-content\/uploads\/2020\/02\/Tea-Cup-1-e1580588669255.png","contentUrl":"https:\/\/memorycafens.ca\/wp-content\/uploads\/2020\/02\/Tea-Cup-1-e1580588669255.png","width":336,"height":137,"caption":"Memory Caf\u00e9 NS"},"image":{"@id":"https:\/\/memorycafens.ca\/#\/schema\/logo\/image\/"}}]}},"_links":{"self":[{"href":"https:\/\/memorycafens.ca\/fr\/wp-json\/wp\/v2\/pages\/3227","targetHints":{"allow":["GET"]}}],"collection":[{"href":"https:\/\/memorycafens.ca\/fr\/wp-json\/wp\/v2\/pages"}],"about":[{"href":"https:\/\/memorycafens.ca\/fr\/wp-json\/wp\/v2\/types\/page"}],"author":[{"embeddable":true,"href":"https:\/\/memorycafens.ca\/fr\/wp-json\/wp\/v2\/users\/1"}],"replies":[{"embeddable":true,"href":"https:\/\/memorycafens.ca\/fr\/wp-json\/wp\/v2\/comments?post=3227"}],"version-history":[{"count":13,"href":"https:\/\/memorycafens.ca\/fr\/wp-json\/wp\/v2\/pages\/3227\/revisions"}],"predecessor-version":[{"id":3838,"href":"https:\/\/memorycafens.ca\/fr\/wp-json\/wp\/v2\/pages\/3227\/revisions\/3838"}],"up":[{"embeddable":true,"href":"https:\/\/memorycafens.ca\/fr\/wp-json\/wp\/v2\/pages\/45"}],"wp:attachment":[{"href":"https:\/\/memorycafens.ca\/fr\/wp-json\/wp\/v2\/media?parent=3227"}],"wp:term":[{"taxonomy":"folder","embeddable":true,"href":"https:\/\/memorycafens.ca\/fr\/wp-json\/wp\/v2\/folder?post=3227"}],"curies":[{"name":"wp","href":"https:\/\/api.w.org\/{rel}","templated":true}]}}