{"id":2288,"date":"2022-10-10T15:11:26","date_gmt":"2022-10-10T15:11:26","guid":{"rendered":"https:\/\/memorycafens.ca\/?page_id=2288"},"modified":"2026-08-20T14:07:54","modified_gmt":"2026-08-20T14:07:54","slug":"bridgewater","status":"publish","type":"page","link":"https:\/\/memorycafens.ca\/fr\/memory-cafe-nova-scotia-locations\/bridgewater\/","title":{"rendered":"Bridgewater"},"content":{"rendered":"<figure data-animation-delay=\"0\" data-animation-duration=\"1\" itemscope itemtype=\"https:\/\/schema.org\/ImageObject\">\n\t\t\t\t\t<img decoding=\"async\" src=\"https:\/\/memorycafens.ca\/wp-content\/uploads\/2022\/11\/MODL_COLOR-LOGO-150x150.png\" alt=\"MODL_COLOR LOGO\" height=\"150\" width=\"150\" title=\"MODL_COLOR LOGO\" onerror=\"this.style.display='none'\" loading=\"lazy\" \/>\n\t<\/figure>\n<figure data-animation-delay=\"1\" data-animation-duration=\"1\" itemscope itemtype=\"https:\/\/schema.org\/ImageObject\">\n\t\t\t\t\t<img decoding=\"async\" src=\"https:\/\/memorycafens.ca\/wp-content\/plugins\/bb-plugin\/img\/pixel.png\" alt=\"\" onerror=\"this.style.display='none'\" loading=\"lazy\" \/>\n\t<\/figure>\n\t<h2 align=\"center\"><strong><i>Des Caf\u00e9s M\u00e9moire ont lieu dans la r\u00e9gion de Bridgewater\/Lunenburg<\/i><\/strong><\/h2>\n<hr \/>\n<p>Cette r\u00e9gion proposera des Caf\u00e9s M\u00e9moire pendant l\u2019hiver et le printemps. Ce sont des rencontres sociales pour les personnes vivant avec des pertes de m\u00e9moire, accompagn\u00e9s de leurs aidants ou membres de famille. \nIls ont lieu dans un cadre accueillant o\u00f9 l\u2019on peut prendre un caf\u00e9 ou un th\u00e9, accompagn\u00e9 d\u2019une collation, et converser avec de nouveaux amis. Venez y rencontrer des artistes invit\u00e9s qui vous raconteront des histoires et partageront leur musique, leur po\u00e9sie ou leurs cr\u00e9ations artistiques. Vous \u00eates invit\u00e9s \u00e0 venir essayer -- aucune exp\u00e9rience pr\u00e9alable n\u2019est n\u00e9cessaire!<\/p>\n<p>Pour plus d\u2019informations veuillez contacter Tissy Bolivar \u00e0 <a href=\"\/fr\/&\/#x6d;&#x61;&#x69;&#x6c;&#116;&#111;&#58;ti&#x73;&#x73;&#x79;&#x2e;&#x62;&#111;&#108;&#105;va&#x72;&#x40;&#x6d;&#x6f;&#x64;&#108;&#46;&#99;a\">&#x74;&#105;s&#x73;&#x79;&#46;b&#x6f;&#x6c;&#105;v&#x61;&#x72;&#64;m&#x6f;&#x64;&#108;&#46;&#x63;&#97;.<\/a><\/p>\n<figure itemscope itemtype=\"https:\/\/schema.org\/ImageObject\">\n\t\t\t\t\t<img decoding=\"async\" src=\"https:\/\/memorycafens.ca\/wp-content\/uploads\/2026\/08\/Lunenburg-Poster-26-27.jpg\" alt=\"Lunenburg Poster 26-27\" height=\"2304\" width=\"1728\" title=\"Lunenburg Poster 26-27\" onerror=\"this.style.display='none'\" loading=\"lazy\" \/>\n\t<\/figure>\n\t<iframe src=\"https:\/\/www.google.com\/maps\/embed\/v1\/place?q=27+South+at+Best+Western%0A527+Hwy.+10%0ABridgewater%2C+NS+B4V+2W6%0AB4V+7P4&#038;key=AIzaSyD09zQ9PNDNNy9TadMuzRV_UsPUoWKntt8\" aria-hidden=\"true\"><\/iframe>","protected":false},"excerpt":{"rendered":"<p>Memory Caf\u00e9s are happening in the Bridgewater\/Lunenburg Region Memory Cafes are social events held through winter and spring for individuals living with memory challenges along with their family members and care partners. Memory Caf\u00e9s are welcoming social spaces to enjoy&#8230; <\/p>\n<div class=\"readmore-section\"><a class=\"readmore-btn\" href=\"https:\/\/memorycafens.ca\/fr\/memory-cafe-nova-scotia-locations\/bridgewater\/\">Continue reading <i class=\"fa fa-arrow-right\"><\/i><\/a><\/div>","protected":false},"author":1,"featured_media":0,"parent":45,"menu_order":5,"comment_status":"closed","ping_status":"closed","template":"","meta":{"footnotes":""},"folder":[99],"class_list":["post-2288","page","type-page","status-publish","hentry"],"yoast_head":"<!-- This site is optimized with the Yoast SEO plugin v28.4 - https:\/\/yoast.com\/product\/yoast-seo-wordpress\/ -->\n<title>Bridgewater - Memory Caf\u00e9 NS<\/title>\n<meta name=\"robots\" content=\"index, follow, max-snippet:-1, max-image-preview:large, max-video-preview:-1\" \/>\n<link rel=\"canonical\" href=\"https:\/\/memorycafens.ca\/fr\/memory-cafe-nova-scotia-locations\/bridgewater\/\" \/>\n<meta property=\"og:locale\" content=\"fr_CA\" \/>\n<meta property=\"og:type\" content=\"article\" \/>\n<meta property=\"og:title\" content=\"Bridgewater - Memory Caf\u00e9 NS\" \/>\n<meta property=\"og:description\" content=\"Memory Caf\u00e9s are happening in the Bridgewater\/Lunenburg Region Memory Cafes are social events held through winter and spring for individuals living with memory challenges along with their family members and care partners. Memory Caf\u00e9s are welcoming social spaces to enjoy... Continue reading\" \/>\n<meta property=\"og:url\" content=\"https:\/\/memorycafens.ca\/fr\/memory-cafe-nova-scotia-locations\/bridgewater\/\" \/>\n<meta property=\"og:site_name\" content=\"Memory Caf\u00e9 NS\" \/>\n<meta property=\"article:modified_time\" content=\"2026-08-20T14:07:54+00:00\" \/>\n<meta property=\"og:image\" content=\"https:\/\/memorycafens.ca\/wp-content\/uploads\/2022\/11\/MODL_COLOR-LOGO-150x150.png\" \/>\n<meta name=\"twitter:card\" content=\"summary_large_image\" \/>\n<meta name=\"twitter:label1\" content=\"Estimation du temps de lecture\" \/>\n\t<meta name=\"twitter:data1\" content=\"1 minute\" \/>\n<script type=\"application\/ld+json\" class=\"yoast-schema-graph\">{\"@context\":\"https:\\\/\\\/schema.org\",\"@graph\":[{\"@type\":\"WebPage\",\"@id\":\"https:\\\/\\\/memorycafens.ca\\\/memory-cafe-nova-scotia-locations\\\/bridgewater\\\/\",\"url\":\"https:\\\/\\\/memorycafens.ca\\\/memory-cafe-nova-scotia-locations\\\/bridgewater\\\/\",\"name\":\"Bridgewater - Memory Caf\u00e9 NS\",\"isPartOf\":{\"@id\":\"https:\\\/\\\/memorycafens.ca\\\/#website\"},\"primaryImageOfPage\":{\"@id\":\"https:\\\/\\\/memorycafens.ca\\\/memory-cafe-nova-scotia-locations\\\/bridgewater\\\/#primaryimage\"},\"image\":{\"@id\":\"https:\\\/\\\/memorycafens.ca\\\/memory-cafe-nova-scotia-locations\\\/bridgewater\\\/#primaryimage\"},\"thumbnailUrl\":\"https:\\\/\\\/memorycafens.ca\\\/wp-content\\\/uploads\\\/2022\\\/11\\\/MODL_COLOR-LOGO-150x150.png\",\"datePublished\":\"2022-10-10T15:11:26+00:00\",\"dateModified\":\"2026-08-20T14:07:54+00:00\",\"breadcrumb\":{\"@id\":\"https:\\\/\\\/memorycafens.ca\\\/memory-cafe-nova-scotia-locations\\\/bridgewater\\\/#breadcrumb\"},\"inLanguage\":\"fr-CA\",\"potentialAction\":[{\"@type\":\"ReadAction\",\"target\":[\"https:\\\/\\\/memorycafens.ca\\\/memory-cafe-nova-scotia-locations\\\/bridgewater\\\/\"]}]},{\"@type\":\"ImageObject\",\"inLanguage\":\"fr-CA\",\"@id\":\"https:\\\/\\\/memorycafens.ca\\\/memory-cafe-nova-scotia-locations\\\/bridgewater\\\/#primaryimage\",\"url\":\"https:\\\/\\\/memorycafens.ca\\\/wp-content\\\/uploads\\\/2022\\\/11\\\/MODL_COLOR-LOGO-150x150.png\",\"contentUrl\":\"https:\\\/\\\/memorycafens.ca\\\/wp-content\\\/uploads\\\/2022\\\/11\\\/MODL_COLOR-LOGO-150x150.png\"},{\"@type\":\"BreadcrumbList\",\"@id\":\"https:\\\/\\\/memorycafens.ca\\\/memory-cafe-nova-scotia-locations\\\/bridgewater\\\/#breadcrumb\",\"itemListElement\":[{\"@type\":\"ListItem\",\"position\":1,\"name\":\"Home\",\"item\":\"https:\\\/\\\/memorycafens.ca\\\/\"},{\"@type\":\"ListItem\",\"position\":2,\"name\":\"LOCATIONS MENU\",\"item\":\"https:\\\/\\\/memorycafens.ca\\\/memory-cafe-nova-scotia-locations\\\/\"},{\"@type\":\"ListItem\",\"position\":3,\"name\":\"Bridgewater\"}]},{\"@type\":\"WebSite\",\"@id\":\"https:\\\/\\\/memorycafens.ca\\\/#website\",\"url\":\"https:\\\/\\\/memorycafens.ca\\\/\",\"name\":\"Memory Caf\u00e9s NS\",\"description\":\"Memory Caf\u00e9 NS\",\"publisher\":{\"@id\":\"https:\\\/\\\/memorycafens.ca\\\/#organization\"},\"potentialAction\":[{\"@type\":\"SearchAction\",\"target\":{\"@type\":\"EntryPoint\",\"urlTemplate\":\"https:\\\/\\\/memorycafens.ca\\\/?s={search_term_string}\"},\"query-input\":{\"@type\":\"PropertyValueSpecification\",\"valueRequired\":true,\"valueName\":\"search_term_string\"}}],\"inLanguage\":\"fr-CA\"},{\"@type\":\"Organization\",\"@id\":\"https:\\\/\\\/memorycafens.ca\\\/#organization\",\"name\":\"Memory Caf\u00e9 NS\",\"url\":\"https:\\\/\\\/memorycafens.ca\\\/\",\"logo\":{\"@type\":\"ImageObject\",\"inLanguage\":\"fr-CA\",\"@id\":\"https:\\\/\\\/memorycafens.ca\\\/#\\\/schema\\\/logo\\\/image\\\/\",\"url\":\"https:\\\/\\\/memorycafens.ca\\\/wp-content\\\/uploads\\\/2020\\\/02\\\/Tea-Cup-1-e1580588669255.png\",\"contentUrl\":\"https:\\\/\\\/memorycafens.ca\\\/wp-content\\\/uploads\\\/2020\\\/02\\\/Tea-Cup-1-e1580588669255.png\",\"width\":336,\"height\":137,\"caption\":\"Memory Caf\u00e9 NS\"},\"image\":{\"@id\":\"https:\\\/\\\/memorycafens.ca\\\/#\\\/schema\\\/logo\\\/image\\\/\"}}]}<\/script>\n<!-- \/ Yoast SEO plugin. -->","yoast_head_json":{"title":"Bridgewater - Memory Caf\u00e9 NS","robots":{"index":"index","follow":"follow","max-snippet":"max-snippet:-1","max-image-preview":"max-image-preview:large","max-video-preview":"max-video-preview:-1"},"canonical":"https:\/\/memorycafens.ca\/fr\/memory-cafe-nova-scotia-locations\/bridgewater\/","og_locale":"fr_CA","og_type":"article","og_title":"Bridgewater - Memory Caf\u00e9 NS","og_description":"Memory Caf\u00e9s are happening in the Bridgewater\/Lunenburg Region Memory Cafes are social events held through winter and spring for individuals living with memory challenges along with their family members and care partners. Memory Caf\u00e9s are welcoming social spaces to enjoy... Continue reading","og_url":"https:\/\/memorycafens.ca\/fr\/memory-cafe-nova-scotia-locations\/bridgewater\/","og_site_name":"Memory Caf\u00e9 NS","article_modified_time":"2026-08-20T14:07:54+00:00","og_image":[{"url":"https:\/\/memorycafens.ca\/wp-content\/uploads\/2022\/11\/MODL_COLOR-LOGO-150x150.png","type":"","width":"","height":""}],"twitter_card":"summary_large_image","twitter_misc":{"Estimation du temps de lecture":"1 minute"},"schema":{"@context":"https:\/\/schema.org","@graph":[{"@type":"WebPage","@id":"https:\/\/memorycafens.ca\/memory-cafe-nova-scotia-locations\/bridgewater\/","url":"https:\/\/memorycafens.ca\/memory-cafe-nova-scotia-locations\/bridgewater\/","name":"Bridgewater - Memory Caf\u00e9 NS","isPartOf":{"@id":"https:\/\/memorycafens.ca\/#website"},"primaryImageOfPage":{"@id":"https:\/\/memorycafens.ca\/memory-cafe-nova-scotia-locations\/bridgewater\/#primaryimage"},"image":{"@id":"https:\/\/memorycafens.ca\/memory-cafe-nova-scotia-locations\/bridgewater\/#primaryimage"},"thumbnailUrl":"https:\/\/memorycafens.ca\/wp-content\/uploads\/2022\/11\/MODL_COLOR-LOGO-150x150.png","datePublished":"2022-10-10T15:11:26+00:00","dateModified":"2026-08-20T14:07:54+00:00","breadcrumb":{"@id":"https:\/\/memorycafens.ca\/memory-cafe-nova-scotia-locations\/bridgewater\/#breadcrumb"},"inLanguage":"fr-CA","potentialAction":[{"@type":"ReadAction","target":["https:\/\/memorycafens.ca\/memory-cafe-nova-scotia-locations\/bridgewater\/"]}]},{"@type":"ImageObject","inLanguage":"fr-CA","@id":"https:\/\/memorycafens.ca\/memory-cafe-nova-scotia-locations\/bridgewater\/#primaryimage","url":"https:\/\/memorycafens.ca\/wp-content\/uploads\/2022\/11\/MODL_COLOR-LOGO-150x150.png","contentUrl":"https:\/\/memorycafens.ca\/wp-content\/uploads\/2022\/11\/MODL_COLOR-LOGO-150x150.png"},{"@type":"BreadcrumbList","@id":"https:\/\/memorycafens.ca\/memory-cafe-nova-scotia-locations\/bridgewater\/#breadcrumb","itemListElement":[{"@type":"ListItem","position":1,"name":"Home","item":"https:\/\/memorycafens.ca\/"},{"@type":"ListItem","position":2,"name":"LOCATIONS MENU","item":"https:\/\/memorycafens.ca\/memory-cafe-nova-scotia-locations\/"},{"@type":"ListItem","position":3,"name":"Bridgewater"}]},{"@type":"WebSite","@id":"https:\/\/memorycafens.ca\/#website","url":"https:\/\/memorycafens.ca\/","name":"Memory Caf\u00e9s NS","description":"Memory Caf\u00e9 NS","publisher":{"@id":"https:\/\/memorycafens.ca\/#organization"},"potentialAction":[{"@type":"SearchAction","target":{"@type":"EntryPoint","urlTemplate":"https:\/\/memorycafens.ca\/?s={search_term_string}"},"query-input":{"@type":"PropertyValueSpecification","valueRequired":true,"valueName":"search_term_string"}}],"inLanguage":"fr-CA"},{"@type":"Organization","@id":"https:\/\/memorycafens.ca\/#organization","name":"Memory Caf\u00e9 NS","url":"https:\/\/memorycafens.ca\/","logo":{"@type":"ImageObject","inLanguage":"fr-CA","@id":"https:\/\/memorycafens.ca\/#\/schema\/logo\/image\/","url":"https:\/\/memorycafens.ca\/wp-content\/uploads\/2020\/02\/Tea-Cup-1-e1580588669255.png","contentUrl":"https:\/\/memorycafens.ca\/wp-content\/uploads\/2020\/02\/Tea-Cup-1-e1580588669255.png","width":336,"height":137,"caption":"Memory Caf\u00e9 NS"},"image":{"@id":"https:\/\/memorycafens.ca\/#\/schema\/logo\/image\/"}}]}},"_links":{"self":[{"href":"https:\/\/memorycafens.ca\/fr\/wp-json\/wp\/v2\/pages\/2288","targetHints":{"allow":["GET"]}}],"collection":[{"href":"https:\/\/memorycafens.ca\/fr\/wp-json\/wp\/v2\/pages"}],"about":[{"href":"https:\/\/memorycafens.ca\/fr\/wp-json\/wp\/v2\/types\/page"}],"author":[{"embeddable":true,"href":"https:\/\/memorycafens.ca\/fr\/wp-json\/wp\/v2\/users\/1"}],"replies":[{"embeddable":true,"href":"https:\/\/memorycafens.ca\/fr\/wp-json\/wp\/v2\/comments?post=2288"}],"version-history":[{"count":33,"href":"https:\/\/memorycafens.ca\/fr\/wp-json\/wp\/v2\/pages\/2288\/revisions"}],"predecessor-version":[{"id":3818,"href":"https:\/\/memorycafens.ca\/fr\/wp-json\/wp\/v2\/pages\/2288\/revisions\/3818"}],"up":[{"embeddable":true,"href":"https:\/\/memorycafens.ca\/fr\/wp-json\/wp\/v2\/pages\/45"}],"wp:attachment":[{"href":"https:\/\/memorycafens.ca\/fr\/wp-json\/wp\/v2\/media?parent=2288"}],"wp:term":[{"taxonomy":"folder","embeddable":true,"href":"https:\/\/memorycafens.ca\/fr\/wp-json\/wp\/v2\/folder?post=2288"}],"curies":[{"name":"wp","href":"https:\/\/api.w.org\/{rel}","templated":true}]}}