{"id":1629,"date":"2022-02-18T20:09:03","date_gmt":"2022-02-18T20:09:03","guid":{"rendered":"https:\/\/memorycafens.ca\/?page_id=1629"},"modified":"2026-08-24T19:19:57","modified_gmt":"2026-08-24T19:19:57","slug":"clare","status":"publish","type":"page","link":"https:\/\/memorycafens.ca\/fr\/memory-cafe-nova-scotia-locations\/clare\/","title":{"rendered":"Clare"},"content":{"rendered":"<figure data-animation-delay=\"0\" data-animation-duration=\"1\" itemscope itemtype=\"https:\/\/schema.org\/ImageObject\">\n\t\t\t\t\t<img decoding=\"async\" src=\"https:\/\/memorycafens.ca\/wp-content\/uploads\/2022\/10\/Clare-Logo.png\" alt=\"Clare Logo\" height=\"136\" width=\"245\" title=\"Clare Logo\" onerror=\"this.style.display='none'\" loading=\"lazy\" \/>\n\t<\/figure>\n\t<h2><em><strong>\u00a0Un Caf\u00e9 M\u00e9moire \u00e0 lieu \u00e0 Clare<\/strong><\/em><\/h2>\n<hr \/>\n<p>&#8220;This region will be offering a Memory Caf\u00e9 through Winter and Spring. These social events are designed for individuals living with memory challenges along with their family members and care partners. Memory Caf\u00e9s are welcoming social spaces to enjoy coffee, tea, refreshments and conversation with new friends. Meet guest artists who may share music, art, movement, poetry, storytelling or another art form. Guests are welcome to give it a try, no experience necessary!<\/p>\n<p>Pour s\u2019inscrire contactez Ren\u00e9e Blinn \u00e0 <a href=\"mailto:r&#101;&#99;&#50;&#64;&#109;&#117;&#110;&#99;&#108;&#97;&#x72;&#x65;&#x2e;&#x63;&#x61;\" target=\"_blank\" rel=\"noopener\">&#x72;&#x65;&#x63;&#x32;&#x40;&#x6d;&#x75;&#110;&#99;&#108;&#97;&#114;e&#46;ca(opens in new tab)<\/a> or phone (902) 769-2031.<\/p>\n<figure itemscope itemtype=\"https:\/\/schema.org\/ImageObject\">\n\t\t\t\t\t<img decoding=\"async\" src=\"https:\/\/memorycafens.ca\/wp-content\/uploads\/2026\/08\/Clare-Poster-26-27-English.jpg\" alt=\"Clare Poster 26-27 English\" height=\"2304\" width=\"1728\" title=\"Clare Poster 26-27 English\" onerror=\"this.style.display='none'\" loading=\"lazy\" \/>\n\t<\/figure>\n<figure itemscope itemtype=\"https:\/\/schema.org\/ImageObject\">\n\t\t\t\t\t<img decoding=\"async\" src=\"https:\/\/memorycafens.ca\/wp-content\/uploads\/2026\/08\/Clare-Poster-26-27-French.jpg\" alt=\"Clare Poster 26-27 French\" height=\"2304\" width=\"1728\" title=\"Clare Poster 26-27 French\" onerror=\"this.style.display='none'\" loading=\"lazy\" \/>\n\t<\/figure>\n<figure itemscope itemtype=\"https:\/\/schema.org\/ImageObject\">\n\t\t\t\t\t<img decoding=\"async\" src=\"https:\/\/memorycafens.ca\/wp-content\/uploads\/2024\/07\/Seashore-Restaurant-Logo.jpg\" alt=\"Screenshot\" height=\"223\" width=\"314\" title=\"Screenshot\" onerror=\"this.style.display='none'\" loading=\"lazy\" \/>\n\t<\/figure>\n\t<iframe src=\"https:\/\/www.google.com\/maps\/embed\/v1\/place?q=Seashore+Restaurant%2C+8467+Highway+1%2C++Meteghan+Centre%2C+Nova+Scotia&#038;key=AIzaSyD09zQ9PNDNNy9TadMuzRV_UsPUoWKntt8\" aria-hidden=\"true\"><\/iframe>\n<figure itemscope itemtype=\"https:\/\/schema.org\/ImageObject\">\n\t\t\t\t\t<img decoding=\"async\" src=\"https:\/\/memorycafens.ca\/wp-content\/plugins\/bb-plugin\/img\/pixel.png\" alt=\"\" onerror=\"this.style.display='none'\" loading=\"lazy\" \/>\n\t<\/figure>\n<figure itemscope itemtype=\"https:\/\/schema.org\/ImageObject\">\n\t\t\t\t\t<img decoding=\"async\" src=\"https:\/\/memorycafens.ca\/wp-content\/plugins\/bb-plugin\/img\/pixel.png\" alt=\"\" onerror=\"this.style.display='none'\" loading=\"lazy\" \/>\n\t<\/figure>","protected":false},"excerpt":{"rendered":"<p>\u00a0A Memory Caf\u00e9 is happening in Clare. &#8220;This region will be offering a Memory Caf\u00e9 through Winter and Spring. These social events are designed for individuals living with memory challenges along with their family members and care partners. Memory Caf\u00e9s&#8230; <\/p>\n<div class=\"readmore-section\"><a class=\"readmore-btn\" href=\"https:\/\/memorycafens.ca\/fr\/memory-cafe-nova-scotia-locations\/clare\/\">Continue reading <i class=\"fa fa-arrow-right\"><\/i><\/a><\/div>","protected":false},"author":1,"featured_media":0,"parent":45,"menu_order":5,"comment_status":"closed","ping_status":"closed","template":"","meta":{"footnotes":""},"folder":[99],"class_list":["post-1629","page","type-page","status-publish","hentry"],"yoast_head":"<!-- This site is optimized with the Yoast SEO plugin v28.4 - https:\/\/yoast.com\/product\/yoast-seo-wordpress\/ -->\n<title>Clare - Memory Caf\u00e9 NS<\/title>\n<meta name=\"robots\" content=\"index, follow, max-snippet:-1, max-image-preview:large, max-video-preview:-1\" \/>\n<link rel=\"canonical\" href=\"https:\/\/memorycafens.ca\/fr\/memory-cafe-nova-scotia-locations\/clare\/\" \/>\n<meta property=\"og:locale\" content=\"fr_CA\" \/>\n<meta property=\"og:type\" content=\"article\" \/>\n<meta property=\"og:title\" content=\"Clare - Memory Caf\u00e9 NS\" \/>\n<meta property=\"og:description\" content=\"\u00a0A Memory Caf\u00e9 is happening in Clare. &#8220;This region will be offering a Memory Caf\u00e9 through Winter and Spring. These social events are designed for individuals living with memory challenges along with their family members and care partners. Memory Caf\u00e9s... Continue reading\" \/>\n<meta property=\"og:url\" content=\"https:\/\/memorycafens.ca\/fr\/memory-cafe-nova-scotia-locations\/clare\/\" \/>\n<meta property=\"og:site_name\" content=\"Memory Caf\u00e9 NS\" \/>\n<meta property=\"article:modified_time\" content=\"2026-08-24T19:19:57+00:00\" \/>\n<meta property=\"og:image\" content=\"https:\/\/memorycafens.ca\/wp-content\/uploads\/2022\/10\/Clare-Logo.png\" \/>\n<meta name=\"twitter:card\" content=\"summary_large_image\" \/>\n<meta name=\"twitter:label1\" content=\"Estimation du temps de lecture\" \/>\n\t<meta name=\"twitter:data1\" content=\"1 minute\" \/>\n<script type=\"application\/ld+json\" class=\"yoast-schema-graph\">{\"@context\":\"https:\\\/\\\/schema.org\",\"@graph\":[{\"@type\":\"WebPage\",\"@id\":\"https:\\\/\\\/memorycafens.ca\\\/memory-cafe-nova-scotia-locations\\\/clare\\\/\",\"url\":\"https:\\\/\\\/memorycafens.ca\\\/memory-cafe-nova-scotia-locations\\\/clare\\\/\",\"name\":\"Clare - Memory Caf\u00e9 NS\",\"isPartOf\":{\"@id\":\"https:\\\/\\\/memorycafens.ca\\\/#website\"},\"primaryImageOfPage\":{\"@id\":\"https:\\\/\\\/memorycafens.ca\\\/memory-cafe-nova-scotia-locations\\\/clare\\\/#primaryimage\"},\"image\":{\"@id\":\"https:\\\/\\\/memorycafens.ca\\\/memory-cafe-nova-scotia-locations\\\/clare\\\/#primaryimage\"},\"thumbnailUrl\":\"https:\\\/\\\/memorycafens.ca\\\/wp-content\\\/uploads\\\/2022\\\/10\\\/Clare-Logo.png\",\"datePublished\":\"2022-02-18T20:09:03+00:00\",\"dateModified\":\"2026-08-24T19:19:57+00:00\",\"breadcrumb\":{\"@id\":\"https:\\\/\\\/memorycafens.ca\\\/memory-cafe-nova-scotia-locations\\\/clare\\\/#breadcrumb\"},\"inLanguage\":\"fr-CA\",\"potentialAction\":[{\"@type\":\"ReadAction\",\"target\":[\"https:\\\/\\\/memorycafens.ca\\\/memory-cafe-nova-scotia-locations\\\/clare\\\/\"]}]},{\"@type\":\"ImageObject\",\"inLanguage\":\"fr-CA\",\"@id\":\"https:\\\/\\\/memorycafens.ca\\\/memory-cafe-nova-scotia-locations\\\/clare\\\/#primaryimage\",\"url\":\"https:\\\/\\\/memorycafens.ca\\\/wp-content\\\/uploads\\\/2022\\\/10\\\/Clare-Logo.png\",\"contentUrl\":\"https:\\\/\\\/memorycafens.ca\\\/wp-content\\\/uploads\\\/2022\\\/10\\\/Clare-Logo.png\"},{\"@type\":\"BreadcrumbList\",\"@id\":\"https:\\\/\\\/memorycafens.ca\\\/memory-cafe-nova-scotia-locations\\\/clare\\\/#breadcrumb\",\"itemListElement\":[{\"@type\":\"ListItem\",\"position\":1,\"name\":\"Home\",\"item\":\"https:\\\/\\\/memorycafens.ca\\\/\"},{\"@type\":\"ListItem\",\"position\":2,\"name\":\"LOCATIONS MENU\",\"item\":\"https:\\\/\\\/memorycafens.ca\\\/memory-cafe-nova-scotia-locations\\\/\"},{\"@type\":\"ListItem\",\"position\":3,\"name\":\"Clare\"}]},{\"@type\":\"WebSite\",\"@id\":\"https:\\\/\\\/memorycafens.ca\\\/#website\",\"url\":\"https:\\\/\\\/memorycafens.ca\\\/\",\"name\":\"Memory Caf\u00e9s NS\",\"description\":\"Memory Caf\u00e9 NS\",\"publisher\":{\"@id\":\"https:\\\/\\\/memorycafens.ca\\\/#organization\"},\"potentialAction\":[{\"@type\":\"SearchAction\",\"target\":{\"@type\":\"EntryPoint\",\"urlTemplate\":\"https:\\\/\\\/memorycafens.ca\\\/?s={search_term_string}\"},\"query-input\":{\"@type\":\"PropertyValueSpecification\",\"valueRequired\":true,\"valueName\":\"search_term_string\"}}],\"inLanguage\":\"fr-CA\"},{\"@type\":\"Organization\",\"@id\":\"https:\\\/\\\/memorycafens.ca\\\/#organization\",\"name\":\"Memory Caf\u00e9 NS\",\"url\":\"https:\\\/\\\/memorycafens.ca\\\/\",\"logo\":{\"@type\":\"ImageObject\",\"inLanguage\":\"fr-CA\",\"@id\":\"https:\\\/\\\/memorycafens.ca\\\/#\\\/schema\\\/logo\\\/image\\\/\",\"url\":\"https:\\\/\\\/memorycafens.ca\\\/wp-content\\\/uploads\\\/2020\\\/02\\\/Tea-Cup-1-e1580588669255.png\",\"contentUrl\":\"https:\\\/\\\/memorycafens.ca\\\/wp-content\\\/uploads\\\/2020\\\/02\\\/Tea-Cup-1-e1580588669255.png\",\"width\":336,\"height\":137,\"caption\":\"Memory Caf\u00e9 NS\"},\"image\":{\"@id\":\"https:\\\/\\\/memorycafens.ca\\\/#\\\/schema\\\/logo\\\/image\\\/\"}}]}<\/script>\n<!-- \/ Yoast SEO plugin. -->","yoast_head_json":{"title":"Clare - Memory Caf\u00e9 NS","robots":{"index":"index","follow":"follow","max-snippet":"max-snippet:-1","max-image-preview":"max-image-preview:large","max-video-preview":"max-video-preview:-1"},"canonical":"https:\/\/memorycafens.ca\/fr\/memory-cafe-nova-scotia-locations\/clare\/","og_locale":"fr_CA","og_type":"article","og_title":"Clare - Memory Caf\u00e9 NS","og_description":"\u00a0A Memory Caf\u00e9 is happening in Clare. &#8220;This region will be offering a Memory Caf\u00e9 through Winter and Spring. These social events are designed for individuals living with memory challenges along with their family members and care partners. Memory Caf\u00e9s... Continue reading","og_url":"https:\/\/memorycafens.ca\/fr\/memory-cafe-nova-scotia-locations\/clare\/","og_site_name":"Memory Caf\u00e9 NS","article_modified_time":"2026-08-24T19:19:57+00:00","og_image":[{"url":"https:\/\/memorycafens.ca\/wp-content\/uploads\/2022\/10\/Clare-Logo.png","type":"","width":"","height":""}],"twitter_card":"summary_large_image","twitter_misc":{"Estimation du temps de lecture":"1 minute"},"schema":{"@context":"https:\/\/schema.org","@graph":[{"@type":"WebPage","@id":"https:\/\/memorycafens.ca\/memory-cafe-nova-scotia-locations\/clare\/","url":"https:\/\/memorycafens.ca\/memory-cafe-nova-scotia-locations\/clare\/","name":"Clare - Memory Caf\u00e9 NS","isPartOf":{"@id":"https:\/\/memorycafens.ca\/#website"},"primaryImageOfPage":{"@id":"https:\/\/memorycafens.ca\/memory-cafe-nova-scotia-locations\/clare\/#primaryimage"},"image":{"@id":"https:\/\/memorycafens.ca\/memory-cafe-nova-scotia-locations\/clare\/#primaryimage"},"thumbnailUrl":"https:\/\/memorycafens.ca\/wp-content\/uploads\/2022\/10\/Clare-Logo.png","datePublished":"2022-02-18T20:09:03+00:00","dateModified":"2026-08-24T19:19:57+00:00","breadcrumb":{"@id":"https:\/\/memorycafens.ca\/memory-cafe-nova-scotia-locations\/clare\/#breadcrumb"},"inLanguage":"fr-CA","potentialAction":[{"@type":"ReadAction","target":["https:\/\/memorycafens.ca\/memory-cafe-nova-scotia-locations\/clare\/"]}]},{"@type":"ImageObject","inLanguage":"fr-CA","@id":"https:\/\/memorycafens.ca\/memory-cafe-nova-scotia-locations\/clare\/#primaryimage","url":"https:\/\/memorycafens.ca\/wp-content\/uploads\/2022\/10\/Clare-Logo.png","contentUrl":"https:\/\/memorycafens.ca\/wp-content\/uploads\/2022\/10\/Clare-Logo.png"},{"@type":"BreadcrumbList","@id":"https:\/\/memorycafens.ca\/memory-cafe-nova-scotia-locations\/clare\/#breadcrumb","itemListElement":[{"@type":"ListItem","position":1,"name":"Home","item":"https:\/\/memorycafens.ca\/"},{"@type":"ListItem","position":2,"name":"LOCATIONS MENU","item":"https:\/\/memorycafens.ca\/memory-cafe-nova-scotia-locations\/"},{"@type":"ListItem","position":3,"name":"Clare"}]},{"@type":"WebSite","@id":"https:\/\/memorycafens.ca\/#website","url":"https:\/\/memorycafens.ca\/","name":"Memory Caf\u00e9s NS","description":"Memory Caf\u00e9 NS","publisher":{"@id":"https:\/\/memorycafens.ca\/#organization"},"potentialAction":[{"@type":"SearchAction","target":{"@type":"EntryPoint","urlTemplate":"https:\/\/memorycafens.ca\/?s={search_term_string}"},"query-input":{"@type":"PropertyValueSpecification","valueRequired":true,"valueName":"search_term_string"}}],"inLanguage":"fr-CA"},{"@type":"Organization","@id":"https:\/\/memorycafens.ca\/#organization","name":"Memory Caf\u00e9 NS","url":"https:\/\/memorycafens.ca\/","logo":{"@type":"ImageObject","inLanguage":"fr-CA","@id":"https:\/\/memorycafens.ca\/#\/schema\/logo\/image\/","url":"https:\/\/memorycafens.ca\/wp-content\/uploads\/2020\/02\/Tea-Cup-1-e1580588669255.png","contentUrl":"https:\/\/memorycafens.ca\/wp-content\/uploads\/2020\/02\/Tea-Cup-1-e1580588669255.png","width":336,"height":137,"caption":"Memory Caf\u00e9 NS"},"image":{"@id":"https:\/\/memorycafens.ca\/#\/schema\/logo\/image\/"}}]}},"_links":{"self":[{"href":"https:\/\/memorycafens.ca\/fr\/wp-json\/wp\/v2\/pages\/1629","targetHints":{"allow":["GET"]}}],"collection":[{"href":"https:\/\/memorycafens.ca\/fr\/wp-json\/wp\/v2\/pages"}],"about":[{"href":"https:\/\/memorycafens.ca\/fr\/wp-json\/wp\/v2\/types\/page"}],"author":[{"embeddable":true,"href":"https:\/\/memorycafens.ca\/fr\/wp-json\/wp\/v2\/users\/1"}],"replies":[{"embeddable":true,"href":"https:\/\/memorycafens.ca\/fr\/wp-json\/wp\/v2\/comments?post=1629"}],"version-history":[{"count":45,"href":"https:\/\/memorycafens.ca\/fr\/wp-json\/wp\/v2\/pages\/1629\/revisions"}],"predecessor-version":[{"id":3837,"href":"https:\/\/memorycafens.ca\/fr\/wp-json\/wp\/v2\/pages\/1629\/revisions\/3837"}],"up":[{"embeddable":true,"href":"https:\/\/memorycafens.ca\/fr\/wp-json\/wp\/v2\/pages\/45"}],"wp:attachment":[{"href":"https:\/\/memorycafens.ca\/fr\/wp-json\/wp\/v2\/media?parent=1629"}],"wp:term":[{"taxonomy":"folder","embeddable":true,"href":"https:\/\/memorycafens.ca\/fr\/wp-json\/wp\/v2\/folder?post=1629"}],"curies":[{"name":"wp","href":"https:\/\/api.w.org\/{rel}","templated":true}]}}